{"id":75,"date":"2024-08-23T06:54:47","date_gmt":"2024-08-23T06:54:47","guid":{"rendered":"https:\/\/dev.zursonne-halberstadt.de\/?page_id=75"},"modified":"2026-04-08T13:18:49","modified_gmt":"2026-04-08T13:18:49","slug":"veranstaltungen","status":"publish","type":"page","link":"https:\/\/www.zursonne-halberstadt.de\/?page_id=75","title":{"rendered":"Veranstaltungen"},"content":{"rendered":"\t\t<div data-elementor-type=\"wp-page\" data-elementor-id=\"75\" class=\"elementor elementor-75\" data-elementor-post-type=\"page\">\n\t\t\t\t<div class=\"elementor-element elementor-element-5d417588 e-con-full e-flex e-con e-parent\" data-id=\"5d417588\" data-element_type=\"container\" data-settings=\"{&quot;background_background&quot;:&quot;slideshow&quot;,&quot;background_slideshow_gallery&quot;:[{&quot;id&quot;:59,&quot;url&quot;:&quot;https:\\\/\\\/dev.zursonne-halberstadt.de\\\/wp-content\\\/uploads\\\/2024\\\/08\\\/ZurSonne-22.09.21_DSC4717_1-web.jpg&quot;},{&quot;id&quot;:60,&quot;url&quot;:&quot;https:\\\/\\\/dev.zursonne-halberstadt.de\\\/wp-content\\\/uploads\\\/2024\\\/08\\\/ZurSonne-22.09.21_DSC4827_1-web.jpg&quot;},{&quot;id&quot;:96,&quot;url&quot;:&quot;https:\\\/\\\/dev.zursonne-halberstadt.de\\\/wp-content\\\/uploads\\\/2024\\\/08\\\/Wimmelbild_Zur_Sonne-20.09.23_DSC3897-web.jpg&quot;},{&quot;id&quot;:66,&quot;url&quot;:&quot;https:\\\/\\\/dev.zursonne-halberstadt.de\\\/wp-content\\\/uploads\\\/2024\\\/08\\\/ZurSonne-22.09.21_DSC5075-web.jpg&quot;},{&quot;id&quot;:67,&quot;url&quot;:&quot;https:\\\/\\\/dev.zursonne-halberstadt.de\\\/wp-content\\\/uploads\\\/2024\\\/08\\\/Zur-Sonne_JAB6492-scaled.jpg&quot;},{&quot;id&quot;:97,&quot;url&quot;:&quot;https:\\\/\\\/dev.zursonne-halberstadt.de\\\/wp-content\\\/uploads\\\/2024\\\/08\\\/Wimmelbild_Zur_Sonne-20.09.23__DSC3487-Web.jpg&quot;}],&quot;background_slideshow_loop&quot;:&quot;yes&quot;,&quot;background_slideshow_slide_duration&quot;:5000,&quot;background_slideshow_slide_transition&quot;:&quot;fade&quot;,&quot;background_slideshow_transition_duration&quot;:500}\">\n\t\t\t\t<div class=\"elementor-element elementor-element-52bdb08c elementor-widget elementor-widget-theme-site-logo elementor-widget-image\" data-id=\"52bdb08c\" data-element_type=\"widget\" data-widget_type=\"theme-site-logo.default\">\n\t\t\t\t<div class=\"elementor-widget-container\">\n\t\t\t<style>\/*! elementor - v3.23.0 - 05-08-2024 *\/\n.elementor-widget-image{text-align:center}.elementor-widget-image a{display:inline-block}.elementor-widget-image a img[src$=\".svg\"]{width:48px}.elementor-widget-image img{vertical-align:middle;display:inline-block}<\/style>\t\t\t\t\t\t<a href=\"https:\/\/www.zursonne-halberstadt.de\">\n\t\t\t<img fetchpriority=\"high\" decoding=\"async\" width=\"529\" height=\"419\" src=\"https:\/\/www.zursonne-halberstadt.de\/wp-content\/uploads\/2024\/08\/Logo-sonne-komplett-farbig.png\" class=\"attachment-full size-full wp-image-61\" alt=\"\" srcset=\"https:\/\/www.zursonne-halberstadt.de\/wp-content\/uploads\/2024\/08\/Logo-sonne-komplett-farbig.png 529w, https:\/\/www.zursonne-halberstadt.de\/wp-content\/uploads\/2024\/08\/Logo-sonne-komplett-farbig-300x238.png 300w\" sizes=\"(max-width: 529px) 100vw, 529px\" \/>\t\t\t\t<\/a>\n\t\t\t\t\t\t\t\t\t<\/div>\n\t\t\t\t<\/div>\n\t\t<div class=\"elementor-element elementor-element-4e96040e e-con-full e-flex e-con e-child\" data-id=\"4e96040e\" data-element_type=\"container\" data-settings=\"{&quot;background_background&quot;:&quot;classic&quot;}\">\n\t\t\t\t<div class=\"elementor-element elementor-element-68c1f0d7 elementor-nav-menu__align-center elementor-nav-menu--dropdown-mobile elementor-nav-menu__text-align-aside elementor-nav-menu--toggle elementor-nav-menu--burger elementor-widget elementor-widget-nav-menu\" data-id=\"68c1f0d7\" data-element_type=\"widget\" data-settings=\"{&quot;layout&quot;:&quot;horizontal&quot;,&quot;submenu_icon&quot;:{&quot;value&quot;:&quot;&lt;svg class=\\&quot;e-font-icon-svg e-fas-caret-down\\&quot; viewBox=\\&quot;0 0 320 512\\&quot; xmlns=\\&quot;http:\\\/\\\/www.w3.org\\\/2000\\\/svg\\&quot;&gt;&lt;path d=\\&quot;M31.3 192h257.3c17.8 0 26.7 21.5 14.1 34.1L174.1 354.8c-7.8 7.8-20.5 7.8-28.3 0L17.2 226.1C4.6 213.5 13.5 192 31.3 192z\\&quot;&gt;&lt;\\\/path&gt;&lt;\\\/svg&gt;&quot;,&quot;library&quot;:&quot;fa-solid&quot;},&quot;toggle&quot;:&quot;burger&quot;}\" data-widget_type=\"nav-menu.default\">\n\t\t\t\t<div class=\"elementor-widget-container\">\n\t\t\t<link rel=\"stylesheet\" href=\"https:\/\/www.zursonne-halberstadt.de\/wp-content\/plugins\/elementor-pro\/assets\/css\/widget-nav-menu.min.css?ver=1724328667\">\t\t\t<nav aria-label=\"men\u00fc\" class=\"elementor-nav-menu--main elementor-nav-menu__container elementor-nav-menu--layout-horizontal e--pointer-background e--animation-sweep-up\">\n\t\t\t\t<ul id=\"menu-1-68c1f0d7\" class=\"elementor-nav-menu\"><li class=\"menu-item menu-item-type-post_type menu-item-object-page menu-item-home menu-item-94\"><a href=\"https:\/\/www.zursonne-halberstadt.de\/\" class=\"elementor-item\">Weingalerie<\/a><\/li>\n<li class=\"menu-item menu-item-type-post_type menu-item-object-page menu-item-93\"><a href=\"https:\/\/www.zursonne-halberstadt.de\/?page_id=73\" class=\"elementor-item\">Wohngalerie<\/a><\/li>\n<li class=\"menu-item menu-item-type-post_type menu-item-object-page menu-item-92\"><a href=\"https:\/\/www.zursonne-halberstadt.de\/?page_id=75\" class=\"elementor-item\">Veranstaltungen<\/a><\/li>\n<li class=\"menu-item menu-item-type-post_type menu-item-object-page menu-item-91\"><a href=\"https:\/\/www.zursonne-halberstadt.de\/?page_id=77\" class=\"elementor-item\">Kontakt<\/a><\/li>\n<\/ul>\t\t\t<\/nav>\n\t\t\t\t\t<div class=\"elementor-menu-toggle\" role=\"button\" tabindex=\"0\" aria-label=\"Menu Toggle\" aria-expanded=\"false\">\n\t\t\t<svg aria-hidden=\"true\" role=\"presentation\" class=\"elementor-menu-toggle__icon--open e-font-icon-svg e-eicon-menu-bar\" viewBox=\"0 0 1000 1000\" xmlns=\"http:\/\/www.w3.org\/2000\/svg\"><path d=\"M104 333H896C929 333 958 304 958 271S929 208 896 208H104C71 208 42 237 42 271S71 333 104 333ZM104 583H896C929 583 958 554 958 521S929 458 896 458H104C71 458 42 487 42 521S71 583 104 583ZM104 833H896C929 833 958 804 958 771S929 708 896 708H104C71 708 42 737 42 771S71 833 104 833Z\"><\/path><\/svg><svg aria-hidden=\"true\" role=\"presentation\" class=\"elementor-menu-toggle__icon--close e-font-icon-svg e-eicon-close\" viewBox=\"0 0 1000 1000\" xmlns=\"http:\/\/www.w3.org\/2000\/svg\"><path d=\"M742 167L500 408 258 167C246 154 233 150 217 150 196 150 179 158 167 167 154 179 150 196 150 212 150 229 154 242 171 254L408 500 167 742C138 771 138 800 167 829 196 858 225 858 254 829L496 587 738 829C750 842 767 846 783 846 800 846 817 842 829 829 842 817 846 804 846 783 846 767 842 750 829 737L588 500 833 258C863 229 863 200 833 171 804 137 775 137 742 167Z\"><\/path><\/svg>\t\t\t<span class=\"elementor-screen-only\">Men\u00fc<\/span>\n\t\t<\/div>\n\t\t\t\t\t<nav class=\"elementor-nav-menu--dropdown elementor-nav-menu__container\" aria-hidden=\"true\">\n\t\t\t\t<ul id=\"menu-2-68c1f0d7\" class=\"elementor-nav-menu\"><li class=\"menu-item menu-item-type-post_type menu-item-object-page menu-item-home menu-item-94\"><a href=\"https:\/\/www.zursonne-halberstadt.de\/\" class=\"elementor-item\" tabindex=\"-1\">Weingalerie<\/a><\/li>\n<li class=\"menu-item menu-item-type-post_type menu-item-object-page menu-item-93\"><a href=\"https:\/\/www.zursonne-halberstadt.de\/?page_id=73\" class=\"elementor-item\" tabindex=\"-1\">Wohngalerie<\/a><\/li>\n<li class=\"menu-item menu-item-type-post_type menu-item-object-page menu-item-92\"><a href=\"https:\/\/www.zursonne-halberstadt.de\/?page_id=75\" class=\"elementor-item\" tabindex=\"-1\">Veranstaltungen<\/a><\/li>\n<li class=\"menu-item menu-item-type-post_type menu-item-object-page menu-item-91\"><a href=\"https:\/\/www.zursonne-halberstadt.de\/?page_id=77\" class=\"elementor-item\" tabindex=\"-1\">Kontakt<\/a><\/li>\n<\/ul>\t\t\t<\/nav>\n\t\t\t\t<\/div>\n\t\t\t\t<\/div>\n\t\t\t\t<\/div>\n\t\t\t\t<\/div>\n\t\t<div class=\"elementor-element elementor-element-6585403 e-flex e-con-boxed e-con e-parent\" data-id=\"6585403\" data-element_type=\"container\">\n\t\t\t\t\t<div class=\"e-con-inner\">\n\t\t\t\t<div class=\"elementor-element elementor-element-f018d77 elementor-widget elementor-widget-spacer\" data-id=\"f018d77\" data-element_type=\"widget\" data-widget_type=\"spacer.default\">\n\t\t\t\t<div class=\"elementor-widget-container\">\n\t\t\t<style>\/*! elementor - v3.23.0 - 05-08-2024 *\/\n.elementor-column .elementor-spacer-inner{height:var(--spacer-size)}.e-con{--container-widget-width:100%}.e-con-inner>.elementor-widget-spacer,.e-con>.elementor-widget-spacer{width:var(--container-widget-width,var(--spacer-size));--align-self:var(--container-widget-align-self,initial);--flex-shrink:0}.e-con-inner>.elementor-widget-spacer>.elementor-widget-container,.e-con>.elementor-widget-spacer>.elementor-widget-container{height:100%;width:100%}.e-con-inner>.elementor-widget-spacer>.elementor-widget-container>.elementor-spacer,.e-con>.elementor-widget-spacer>.elementor-widget-container>.elementor-spacer{height:100%}.e-con-inner>.elementor-widget-spacer>.elementor-widget-container>.elementor-spacer>.elementor-spacer-inner,.e-con>.elementor-widget-spacer>.elementor-widget-container>.elementor-spacer>.elementor-spacer-inner{height:var(--container-widget-height,var(--spacer-size))}.e-con-inner>.elementor-widget-spacer.elementor-widget-empty,.e-con>.elementor-widget-spacer.elementor-widget-empty{position:relative;min-height:22px;min-width:22px}.e-con-inner>.elementor-widget-spacer.elementor-widget-empty .elementor-widget-empty-icon,.e-con>.elementor-widget-spacer.elementor-widget-empty .elementor-widget-empty-icon{position:absolute;top:0;bottom:0;left:0;right:0;margin:auto;padding:0;width:22px;height:22px}<\/style>\t\t<div class=\"elementor-spacer\">\n\t\t\t<div class=\"elementor-spacer-inner\"><\/div>\n\t\t<\/div>\n\t\t\t\t<\/div>\n\t\t\t\t<\/div>\n\t\t<div class=\"elementor-element elementor-element-dab6010 e-con-full e-flex e-con e-child\" data-id=\"dab6010\" data-element_type=\"container\">\n\t\t\t\t<div class=\"elementor-element elementor-element-dc8dc69 elementor-widget elementor-widget-heading\" data-id=\"dc8dc69\" data-element_type=\"widget\" data-widget_type=\"heading.default\">\n\t\t\t\t<div class=\"elementor-widget-container\">\n\t\t\t<style>\/*! elementor - v3.23.0 - 05-08-2024 *\/\n.elementor-heading-title{padding:0;margin:0;line-height:1}.elementor-widget-heading .elementor-heading-title[class*=elementor-size-]>a{color:inherit;font-size:inherit;line-height:inherit}.elementor-widget-heading .elementor-heading-title.elementor-size-small{font-size:15px}.elementor-widget-heading .elementor-heading-title.elementor-size-medium{font-size:19px}.elementor-widget-heading .elementor-heading-title.elementor-size-large{font-size:29px}.elementor-widget-heading .elementor-heading-title.elementor-size-xl{font-size:39px}.elementor-widget-heading .elementor-heading-title.elementor-size-xxl{font-size:59px}<\/style><h1 class=\"elementor-heading-title elementor-size-default\">Unsere Events<\/h1>\t\t<\/div>\n\t\t\t\t<\/div>\n\t\t\t\t<div class=\"elementor-element elementor-element-d774820 elementor-widget elementor-widget-text-editor\" data-id=\"d774820\" data-element_type=\"widget\" data-widget_type=\"text-editor.default\">\n\t\t\t\t<div class=\"elementor-widget-container\">\n\t\t\t<style>\/*! elementor - v3.23.0 - 05-08-2024 *\/\n.elementor-widget-text-editor.elementor-drop-cap-view-stacked .elementor-drop-cap{background-color:#69727d;color:#fff}.elementor-widget-text-editor.elementor-drop-cap-view-framed .elementor-drop-cap{color:#69727d;border:3px solid;background-color:transparent}.elementor-widget-text-editor:not(.elementor-drop-cap-view-default) .elementor-drop-cap{margin-top:8px}.elementor-widget-text-editor:not(.elementor-drop-cap-view-default) .elementor-drop-cap-letter{width:1em;height:1em}.elementor-widget-text-editor .elementor-drop-cap{float:left;text-align:center;line-height:1;font-size:50px}.elementor-widget-text-editor .elementor-drop-cap-letter{display:inline-block}<\/style>\t\t\t\t<p>Auch in diesem Jahr finden bei uns in der Weingalerie verschiedene Events statt. Wenn Ihr Interesse geweckt wurde und Sie eine Veranstaltung besuchen m\u00f6chten, bitten wir um eine telefonische Anmeldung oder Sie kommen pers\u00f6nlich bei uns vorbei. Bitte bezahlen Sie bei Kartenabholung in bar.<\/p>\t\t\t\t\t\t<\/div>\n\t\t\t\t<\/div>\n\t\t\t\t<\/div>\n\t\t\t\t\t<\/div>\n\t\t\t\t<\/div>\n\t\t<div class=\"elementor-element elementor-element-ba85824 e-flex e-con-boxed e-con e-parent\" data-id=\"ba85824\" data-element_type=\"container\">\n\t\t\t\t\t<div class=\"e-con-inner\">\n\t\t<div class=\"elementor-element elementor-element-0f72713 e-con-full e-flex e-con e-child\" data-id=\"0f72713\" data-element_type=\"container\">\n\t\t\t\t<div class=\"elementor-element elementor-element-39d2554 elementor-widget elementor-widget-image\" data-id=\"39d2554\" data-element_type=\"widget\" data-widget_type=\"image.default\">\n\t\t\t\t<div class=\"elementor-widget-container\">\n\t\t\t<style>\/*! elementor - v3.23.0 - 05-08-2024 *\/\n.elementor-widget-image{text-align:center}.elementor-widget-image a{display:inline-block}.elementor-widget-image a img[src$=\".svg\"]{width:48px}.elementor-widget-image img{vertical-align:middle;display:inline-block}<\/style>\t\t\t\t\t\t\t<figure class=\"wp-caption\">\n\t\t\t\t\t\t\t\t\t\t<img decoding=\"async\" width=\"682\" height=\"1024\" src=\"https:\/\/www.zursonne-halberstadt.de\/wp-content\/uploads\/2026\/04\/Kathrin-Hotowetz-Foto-Geistmuehle-Verlag-web-682x1024.jpg\" class=\"attachment-large size-large wp-image-634\" alt=\"\" srcset=\"https:\/\/www.zursonne-halberstadt.de\/wp-content\/uploads\/2026\/04\/Kathrin-Hotowetz-Foto-Geistmuehle-Verlag-web-682x1024.jpg 682w, https:\/\/www.zursonne-halberstadt.de\/wp-content\/uploads\/2026\/04\/Kathrin-Hotowetz-Foto-Geistmuehle-Verlag-web-200x300.jpg 200w, https:\/\/www.zursonne-halberstadt.de\/wp-content\/uploads\/2026\/04\/Kathrin-Hotowetz-Foto-Geistmuehle-Verlag-web-768x1152.jpg 768w, https:\/\/www.zursonne-halberstadt.de\/wp-content\/uploads\/2026\/04\/Kathrin-Hotowetz-Foto-Geistmuehle-Verlag-web-1024x1536.jpg 1024w, https:\/\/www.zursonne-halberstadt.de\/wp-content\/uploads\/2026\/04\/Kathrin-Hotowetz-Foto-Geistmuehle-Verlag-web.jpg 1333w\" sizes=\"(max-width: 682px) 100vw, 682px\" \/>\t\t\t\t\t\t\t\t\t\t\t<figcaption class=\"widget-image-caption wp-caption-text\">Halberst\u00e4dter Autorin Kathrin R. Hotowetz<\/figcaption>\n\t\t\t\t\t\t\t\t\t\t<\/figure>\n\t\t\t\t\t\t\t<\/div>\n\t\t\t\t<\/div>\n\t\t\t\t<\/div>\n\t\t<div class=\"elementor-element elementor-element-de689ad e-con-full e-flex e-con e-child\" data-id=\"de689ad\" data-element_type=\"container\">\n\t\t\t\t<div class=\"elementor-element elementor-element-d55bb47 elementor-widget elementor-widget-heading\" data-id=\"d55bb47\" data-element_type=\"widget\" data-widget_type=\"heading.default\">\n\t\t\t\t<div class=\"elementor-widget-container\">\n\t\t\t<h2 class=\"elementor-heading-title elementor-size-default\">Lesung<\/h2>\t\t<\/div>\n\t\t\t\t<\/div>\n\t\t\t\t<div class=\"elementor-element elementor-element-6328e21 elementor-widget elementor-widget-heading\" data-id=\"6328e21\" data-element_type=\"widget\" data-widget_type=\"heading.default\">\n\t\t\t\t<div class=\"elementor-widget-container\">\n\t\t\t<h3 class=\"elementor-heading-title elementor-size-default\">\u201eIm Schatten der Hexen\u201c mit Katrin R. Hotowetz\u200b<\/h3>\t\t<\/div>\n\t\t\t\t<\/div>\n\t\t\t\t<div class=\"elementor-element elementor-element-1433986 elementor-widget elementor-widget-text-editor\" data-id=\"1433986\" data-element_type=\"widget\" data-widget_type=\"text-editor.default\">\n\t\t\t\t<div class=\"elementor-widget-container\">\n\t\t\t\t\t\t\t<div>05.06.2026, Beginn 19.00 Uhr \u2013 Einlass 18.30 Uhr<\/div><div>\u00a0<\/div><div class=\"WordSection1\"><em><em>Es geschieht in den Tiefen des Harzes vor vielen Jahrhunderten\u2026 und jetzt!<br \/><\/em><\/em><\/div><div>\u00a0<\/div><div class=\"WordSection1\"><div>Das ist das Motto der Bestsellerreihe \u201eIm Schatten der Hexen\u201c von Kathrin R. Hotowetz.<br \/>Ungemein packend, mit dichter Atmosph\u00e4re, entf\u00fchren diese fesselnden Thriller mit atemloser Spannung in eine Welt zwischen tiefer Harzer Vorzeit und d\u00fcsterer Gegenwart.<br \/>Ob entlang des Harzer-Hexen-Stieges, den historischen, malerischen St\u00e4dten der Region oder in der mystischen Landschaft des Harzes,<br \/>erreichen alle B\u00e4nde von Kathrin R. Hotowetz Bestsellerpotential.<\/div><\/div><p>\u00a0<\/p>\t\t\t\t\t\t<\/div>\n\t\t\t\t<\/div>\n\t\t\t\t<\/div>\n\t\t\t\t\t<\/div>\n\t\t\t\t<\/div>\n\t\t<div class=\"elementor-element elementor-element-355ec1a e-flex e-con-boxed e-con e-parent\" data-id=\"355ec1a\" data-element_type=\"container\">\n\t\t\t\t\t<div class=\"e-con-inner\">\n\t\t\t\t<div class=\"elementor-element elementor-element-7e34993 elementor-widget elementor-widget-spacer\" data-id=\"7e34993\" data-element_type=\"widget\" data-widget_type=\"spacer.default\">\n\t\t\t\t<div class=\"elementor-widget-container\">\n\t\t\t\t\t<div class=\"elementor-spacer\">\n\t\t\t<div class=\"elementor-spacer-inner\"><\/div>\n\t\t<\/div>\n\t\t\t\t<\/div>\n\t\t\t\t<\/div>\n\t\t\t\t\t<\/div>\n\t\t\t\t<\/div>\n\t\t<div class=\"elementor-element elementor-element-dd8ab18 e-flex e-con-boxed e-con e-parent\" data-id=\"dd8ab18\" data-element_type=\"container\">\n\t\t\t\t\t<div class=\"e-con-inner\">\n\t\t<div class=\"elementor-element elementor-element-fde8dcb e-con-full e-flex e-con e-child\" data-id=\"fde8dcb\" data-element_type=\"container\">\n\t\t\t\t<div class=\"elementor-element elementor-element-cc8a789 elementor-widget elementor-widget-heading\" data-id=\"cc8a789\" data-element_type=\"widget\" data-widget_type=\"heading.default\">\n\t\t\t\t<div class=\"elementor-widget-container\">\n\t\t\t<h2 class=\"elementor-heading-title elementor-size-default\">Wohnzimmerkonzert<\/h2>\t\t<\/div>\n\t\t\t\t<\/div>\n\t\t\t\t<div class=\"elementor-element elementor-element-ae354ac elementor-widget elementor-widget-heading\" data-id=\"ae354ac\" data-element_type=\"widget\" data-widget_type=\"heading.default\">\n\t\t\t\t<div class=\"elementor-widget-container\">\n\t\t\t<h3 class=\"elementor-heading-title elementor-size-default\">Perceived as One<\/h3>\t\t<\/div>\n\t\t\t\t<\/div>\n\t\t\t\t<div class=\"elementor-element elementor-element-de48bc2 elementor-widget elementor-widget-text-editor\" data-id=\"de48bc2\" data-element_type=\"widget\" data-widget_type=\"text-editor.default\">\n\t\t\t\t<div class=\"elementor-widget-container\">\n\t\t\t\t\t\t\t<p>28.08.2026, Beginn 19.00 Uhr<\/p>\n\n<p><b>Zwei Musiker \u2013 reduziert auf das Wesentliche und doch voller Ausdruck<\/b><\/p>\n\n<p>\u201e<b><i>Perceived as One<\/i><\/b>\u201c interpretiert zeitlose Klassiker aus Rock und Pop sowie ausgew\u00e4hlte aktuelle Titel auf eigene, akustische Weise \u2013\u00a0mit ausdrucksstarker Gitarre, wandelbarer Stimme, Herzblut in jedem Ton und Momenten, die \u00fcberraschen und musikalisch \u00fcber Genregrenzen hinausf\u00fchren.\u00a0So entsteht eine bewusst vielseitige Mischung aus Nostalgie und Gegenwart, die Generationen miteinander verbindet.<\/p>\n\n<p>Mit Authentizit\u00e4t, Spielfreude und sp\u00fcrbarer N\u00e4he zum Publikum schaffen Ina und Yannic eine Atmosph\u00e4re, in der Musik Menschen erreicht und sie f\u00fcr kurze Augenblicke aus dem Alltag entf\u00fchrt.<\/p>\n\n<p>Ihr Anspruch ist es, auf der B\u00fchne als Einheit wahrgenommen zu werden \u2013 und wenn am Ende des Abends auch zwischen\u00a0<i>Musik und Publikum<\/i>\u00a0dieses Gef\u00fchl entsteht, wird aus einem Konzert ein Moment, der noch lange dar\u00fcber hinaus ber\u00fchrt.\n<\/p>\t\t\t\t\t\t<\/div>\n\t\t\t\t<\/div>\n\t\t\t\t<\/div>\n\t\t<div class=\"elementor-element elementor-element-0ec4920 e-con-full e-flex e-con e-child\" data-id=\"0ec4920\" data-element_type=\"container\">\n\t\t\t\t<div class=\"elementor-element elementor-element-43c58bd elementor-widget__width-inherit elementor-widget elementor-widget-image\" data-id=\"43c58bd\" data-element_type=\"widget\" data-widget_type=\"image.default\">\n\t\t\t\t<div class=\"elementor-widget-container\">\n\t\t\t\t\t\t\t\t\t\t<figure class=\"wp-caption\">\n\t\t\t\t\t\t\t\t\t\t<img decoding=\"async\" width=\"800\" height=\"560\" src=\"https:\/\/www.zursonne-halberstadt.de\/wp-content\/uploads\/2026\/04\/Ina-und-Yannik-web-1024x717.jpg\" class=\"attachment-large size-large wp-image-637\" alt=\"\" srcset=\"https:\/\/www.zursonne-halberstadt.de\/wp-content\/uploads\/2026\/04\/Ina-und-Yannik-web-1024x717.jpg 1024w, https:\/\/www.zursonne-halberstadt.de\/wp-content\/uploads\/2026\/04\/Ina-und-Yannik-web-300x210.jpg 300w, https:\/\/www.zursonne-halberstadt.de\/wp-content\/uploads\/2026\/04\/Ina-und-Yannik-web-768x538.jpg 768w, https:\/\/www.zursonne-halberstadt.de\/wp-content\/uploads\/2026\/04\/Ina-und-Yannik-web-1536x1076.jpg 1536w, https:\/\/www.zursonne-halberstadt.de\/wp-content\/uploads\/2026\/04\/Ina-und-Yannik-web.jpg 2000w\" sizes=\"(max-width: 800px) 100vw, 800px\" \/>\t\t\t\t\t\t\t\t\t\t\t<figcaption class=\"widget-image-caption wp-caption-text\">Das Musikduo Perceived as One<\/figcaption>\n\t\t\t\t\t\t\t\t\t\t<\/figure>\n\t\t\t\t\t\t\t<\/div>\n\t\t\t\t<\/div>\n\t\t\t\t<\/div>\n\t\t\t\t\t<\/div>\n\t\t\t\t<\/div>\n\t\t<div class=\"elementor-element elementor-element-add418c e-flex e-con-boxed e-con e-parent\" data-id=\"add418c\" data-element_type=\"container\">\n\t\t\t\t\t<div class=\"e-con-inner\">\n\t\t\t\t<div class=\"elementor-element elementor-element-8ca8a3c elementor-widget elementor-widget-spacer\" data-id=\"8ca8a3c\" data-element_type=\"widget\" data-widget_type=\"spacer.default\">\n\t\t\t\t<div class=\"elementor-widget-container\">\n\t\t\t\t\t<div class=\"elementor-spacer\">\n\t\t\t<div class=\"elementor-spacer-inner\"><\/div>\n\t\t<\/div>\n\t\t\t\t<\/div>\n\t\t\t\t<\/div>\n\t\t\t\t\t<\/div>\n\t\t\t\t<\/div>\n\t\t<div class=\"elementor-element elementor-element-55f1f08 e-flex e-con-boxed e-con e-parent\" data-id=\"55f1f08\" data-element_type=\"container\">\n\t\t\t\t\t<div class=\"e-con-inner\">\n\t\t<div class=\"elementor-element elementor-element-340034f e-con-full e-flex e-con e-child\" data-id=\"340034f\" data-element_type=\"container\">\n\t\t\t\t<div class=\"elementor-element elementor-element-9a66a2c elementor-widget elementor-widget-image\" data-id=\"9a66a2c\" data-element_type=\"widget\" data-widget_type=\"image.default\">\n\t\t\t\t<div class=\"elementor-widget-container\">\n\t\t\t\t\t\t\t\t\t\t<figure class=\"wp-caption\">\n\t\t\t\t\t\t\t\t\t\t<img loading=\"lazy\" decoding=\"async\" width=\"800\" height=\"583\" src=\"https:\/\/www.zursonne-halberstadt.de\/wp-content\/uploads\/2026\/04\/jOHN-STEFFI-ONE-SCHRIFT-SW-003.jpg\" class=\"attachment-large size-large wp-image-638\" alt=\"\" srcset=\"https:\/\/www.zursonne-halberstadt.de\/wp-content\/uploads\/2026\/04\/jOHN-STEFFI-ONE-SCHRIFT-SW-003.jpg 898w, https:\/\/www.zursonne-halberstadt.de\/wp-content\/uploads\/2026\/04\/jOHN-STEFFI-ONE-SCHRIFT-SW-003-300x218.jpg 300w, https:\/\/www.zursonne-halberstadt.de\/wp-content\/uploads\/2026\/04\/jOHN-STEFFI-ONE-SCHRIFT-SW-003-768x559.jpg 768w\" sizes=\"(max-width: 800px) 100vw, 800px\" \/>\t\t\t\t\t\t\t\t\t\t\t<figcaption class=\"widget-image-caption wp-caption-text\">Das Musikduo John und Steffi<\/figcaption>\n\t\t\t\t\t\t\t\t\t\t<\/figure>\n\t\t\t\t\t\t\t<\/div>\n\t\t\t\t<\/div>\n\t\t\t\t<\/div>\n\t\t<div class=\"elementor-element elementor-element-935de28 e-con-full e-flex e-con e-child\" data-id=\"935de28\" data-element_type=\"container\">\n\t\t\t\t<div class=\"elementor-element elementor-element-dd61142 elementor-widget elementor-widget-heading\" data-id=\"dd61142\" data-element_type=\"widget\" data-widget_type=\"heading.default\">\n\t\t\t\t<div class=\"elementor-widget-container\">\n\t\t\t<h2 class=\"elementor-heading-title elementor-size-default\">Wohnzimmerkonzert<\/h2>\t\t<\/div>\n\t\t\t\t<\/div>\n\t\t\t\t<div class=\"elementor-element elementor-element-464baa8 elementor-widget elementor-widget-heading\" data-id=\"464baa8\" data-element_type=\"widget\" data-widget_type=\"heading.default\">\n\t\t\t\t<div class=\"elementor-widget-container\">\n\t\t\t<h3 class=\"elementor-heading-title elementor-size-default\">John & Steffi<\/h3>\t\t<\/div>\n\t\t\t\t<\/div>\n\t\t\t\t<div class=\"elementor-element elementor-element-3328494 elementor-widget elementor-widget-text-editor\" data-id=\"3328494\" data-element_type=\"widget\" data-widget_type=\"text-editor.default\">\n\t\t\t\t<div class=\"elementor-widget-container\">\n\t\t\t\t\t\t\t<p>04.09.2026, Beginn 19.00 Uhr<\/p><p>\nBereits mit zehn Jahren begann <strong>Steffi<\/strong> die Instrumente Gitarre und Keyboard zu erlernen. Sp\u00e4ter kam ihre eigentliche Leidenschaft, das Singen dazu. Auch in Sachen B\u00fchnenpr\u00e4senz wei\u00df die junge, aufgeschlossene S\u00e4ngerin durch ihre nat\u00fcrliche Ausstrahlung zu \u00fcberzeugen.<\/p>\n\n<p>Vielleicht erinnern sich einige von ihnen noch an Bands wie RIS, QUINTON oder JOHN &amp; EDDIE. Bei diesen aufgelisteten Gruppen war <strong>John Simmens<\/strong> viele Jahre lang als Gitarrist und S\u00e4nger t\u00e4tig, bis er 1996 mit seinen\nSoloprogrammen auftrat und sich als Alleinunterhalter und Solointerpret einen Namen machte.<\/p>\n\n<p><strong>Seit einigen Jahren sind Steffi &amp; John mit diesem Programm unterwegs und garantieren ein Partyerlebnis\nder besonderen Klasse. Das Repertoire reicht von den besten Duetten der 80er \u00fcber die 90er bis hin zu den aktuellsten Songs von heute.<\/strong><\/p>\t\t\t\t\t\t<\/div>\n\t\t\t\t<\/div>\n\t\t\t\t<\/div>\n\t\t\t\t\t<\/div>\n\t\t\t\t<\/div>\n\t\t<div class=\"elementor-element elementor-element-c1d6d36 e-flex e-con-boxed e-con e-parent\" data-id=\"c1d6d36\" data-element_type=\"container\">\n\t\t\t\t\t<div class=\"e-con-inner\">\n\t\t\t\t<div class=\"elementor-element elementor-element-7da7530 elementor-widget elementor-widget-spacer\" data-id=\"7da7530\" data-element_type=\"widget\" data-widget_type=\"spacer.default\">\n\t\t\t\t<div class=\"elementor-widget-container\">\n\t\t\t\t\t<div class=\"elementor-spacer\">\n\t\t\t<div class=\"elementor-spacer-inner\"><\/div>\n\t\t<\/div>\n\t\t\t\t<\/div>\n\t\t\t\t<\/div>\n\t\t\t\t\t<\/div>\n\t\t\t\t<\/div>\n\t\t<div class=\"elementor-element elementor-element-3cc718a e-flex e-con-boxed e-con e-parent\" data-id=\"3cc718a\" data-element_type=\"container\">\n\t\t\t\t\t<div class=\"e-con-inner\">\n\t\t<div class=\"elementor-element elementor-element-0c4c3a7 e-con-full e-flex e-con e-child\" data-id=\"0c4c3a7\" data-element_type=\"container\">\n\t\t\t\t<div class=\"elementor-element elementor-element-6e8fa94 elementor-widget elementor-widget-heading\" data-id=\"6e8fa94\" data-element_type=\"widget\" data-widget_type=\"heading.default\">\n\t\t\t\t<div class=\"elementor-widget-container\">\n\t\t\t<h2 class=\"elementor-heading-title elementor-size-default\">Wohnzimmerkonzert<\/h2>\t\t<\/div>\n\t\t\t\t<\/div>\n\t\t\t\t<div class=\"elementor-element elementor-element-28521a7 elementor-widget elementor-widget-heading\" data-id=\"28521a7\" data-element_type=\"widget\" data-widget_type=\"heading.default\">\n\t\t\t\t<div class=\"elementor-widget-container\">\n\t\t\t<h3 class=\"elementor-heading-title elementor-size-default\">Goosebumps<\/h3>\t\t<\/div>\n\t\t\t\t<\/div>\n\t\t\t\t<div class=\"elementor-element elementor-element-47fed46 elementor-widget elementor-widget-text-editor\" data-id=\"47fed46\" data-element_type=\"widget\" data-widget_type=\"text-editor.default\">\n\t\t\t\t<div class=\"elementor-widget-container\">\n\t\t\t\t\t\t\t<p>11.09.2026, Beginn 19.00 Uhr<\/p><p>Diana Hildebrandt (Gesang) und Frank Kroll (Gitarre) spielen Songs, die unter die Haut gehen. Seit 2005 sind die beiden als Duo musikalisch unterwegs, um die Zuh\u00f6rer zu begeistern.<\/p><p>Goosebumps hei\u00dft \u00fcbersetzt G\u00e4nsehaut. Und genau die bekommt man, wenn man den beiden lauschen darf. Mit einem Repertoire von Eric Clapton und Melissa Etheridge und ihren wunderbaren eigenen Songs ist f\u00fcr jeden etwas dabei. Diana verleiht Titeln wie \u201eAngel\u201c von Sarah McLachlan, \u201eChasing Cars\u201c von Snow Patrol, \u201eHere comes the rain again\u201c von den Eurythmics oder \u201eIronic\u201c von Alanis Morissette mit ihrer ebenso feinf\u00fchligen wie kraftvollen Stimme eine ganz besondere Note. Und Frank Krolls Part als Gitarrist ist kongenial.<\/p><p>Ihr erstes eigenes Album mit dem Titel \u201eDu und ich\u201c wurde 2019 im Waldhausstudio Birkholz bei Mohi Buschendorf aufgenommen. Das zweites Album \u201eVertrau auf Dich\u201c ist am 06. M\u00e4rz diesen Jahres erschienen und kann \u00fcber die Internetseite www.gbumps.de als mp3-Download bestellt werden.<\/p><p>\u00a0<\/p>\t\t\t\t\t\t<\/div>\n\t\t\t\t<\/div>\n\t\t\t\t<\/div>\n\t\t<div class=\"elementor-element elementor-element-4580add e-con-full e-flex e-con e-child\" data-id=\"4580add\" data-element_type=\"container\">\n\t\t\t\t<div class=\"elementor-element elementor-element-e7d9315 elementor-widget elementor-widget-image\" data-id=\"e7d9315\" data-element_type=\"widget\" data-widget_type=\"image.default\">\n\t\t\t\t<div class=\"elementor-widget-container\">\n\t\t\t\t\t\t\t\t\t\t<figure class=\"wp-caption\">\n\t\t\t\t\t\t\t\t\t\t<img loading=\"lazy\" decoding=\"async\" width=\"800\" height=\"775\" src=\"https:\/\/www.zursonne-halberstadt.de\/wp-content\/uploads\/2026\/04\/Diana-Und-Krolli.jpg\" class=\"attachment-large size-large wp-image-635\" alt=\"\" srcset=\"https:\/\/www.zursonne-halberstadt.de\/wp-content\/uploads\/2026\/04\/Diana-Und-Krolli.jpg 960w, https:\/\/www.zursonne-halberstadt.de\/wp-content\/uploads\/2026\/04\/Diana-Und-Krolli-300x291.jpg 300w, https:\/\/www.zursonne-halberstadt.de\/wp-content\/uploads\/2026\/04\/Diana-Und-Krolli-768x744.jpg 768w\" sizes=\"(max-width: 800px) 100vw, 800px\" \/>\t\t\t\t\t\t\t\t\t\t\t<figcaption class=\"widget-image-caption wp-caption-text\">Das Musikduo Goosebumps<\/figcaption>\n\t\t\t\t\t\t\t\t\t\t<\/figure>\n\t\t\t\t\t\t\t<\/div>\n\t\t\t\t<\/div>\n\t\t\t\t<\/div>\n\t\t\t\t\t<\/div>\n\t\t\t\t<\/div>\n\t\t<div class=\"elementor-element elementor-element-e0c814c e-flex e-con-boxed e-con e-parent\" data-id=\"e0c814c\" data-element_type=\"container\">\n\t\t\t\t\t<div class=\"e-con-inner\">\n\t\t\t\t<div class=\"elementor-element elementor-element-6a59800 elementor-widget elementor-widget-spacer\" data-id=\"6a59800\" data-element_type=\"widget\" data-widget_type=\"spacer.default\">\n\t\t\t\t<div class=\"elementor-widget-container\">\n\t\t\t\t\t<div class=\"elementor-spacer\">\n\t\t\t<div class=\"elementor-spacer-inner\"><\/div>\n\t\t<\/div>\n\t\t\t\t<\/div>\n\t\t\t\t<\/div>\n\t\t\t\t\t<\/div>\n\t\t\t\t<\/div>\n\t\t<div class=\"elementor-element elementor-element-86df42d e-flex e-con-boxed e-con e-parent\" data-id=\"86df42d\" data-element_type=\"container\">\n\t\t\t\t\t<div class=\"e-con-inner\">\n\t\t<div class=\"elementor-element elementor-element-bd22349 e-con-full e-flex e-con e-child\" data-id=\"bd22349\" data-element_type=\"container\">\n\t\t\t\t<div class=\"elementor-element elementor-element-0b9cad2 elementor-widget elementor-widget-image\" data-id=\"0b9cad2\" data-element_type=\"widget\" data-widget_type=\"image.default\">\n\t\t\t\t<div class=\"elementor-widget-container\">\n\t\t\t\t\t\t\t\t\t\t<figure class=\"wp-caption\">\n\t\t\t\t\t\t\t\t\t\t<img loading=\"lazy\" decoding=\"async\" width=\"800\" height=\"534\" src=\"https:\/\/www.zursonne-halberstadt.de\/wp-content\/uploads\/2024\/08\/Zur-Sonne_JAB6492-1024x683.jpg\" class=\"attachment-large size-large wp-image-67\" alt=\"\" srcset=\"https:\/\/www.zursonne-halberstadt.de\/wp-content\/uploads\/2024\/08\/Zur-Sonne_JAB6492-1024x683.jpg 1024w, https:\/\/www.zursonne-halberstadt.de\/wp-content\/uploads\/2024\/08\/Zur-Sonne_JAB6492-300x200.jpg 300w, https:\/\/www.zursonne-halberstadt.de\/wp-content\/uploads\/2024\/08\/Zur-Sonne_JAB6492-768x512.jpg 768w, https:\/\/www.zursonne-halberstadt.de\/wp-content\/uploads\/2024\/08\/Zur-Sonne_JAB6492-1536x1024.jpg 1536w, https:\/\/www.zursonne-halberstadt.de\/wp-content\/uploads\/2024\/08\/Zur-Sonne_JAB6492-2048x1365.jpg 2048w\" sizes=\"(max-width: 800px) 100vw, 800px\" \/>\t\t\t\t\t\t\t\t\t\t\t<figcaption class=\"widget-image-caption wp-caption-text\">Das historische Gew\u00f6lbe aus dem Jahr 1640 bietet Platz f\u00fcr mindestens zehn Personen.<\/figcaption>\n\t\t\t\t\t\t\t\t\t\t<\/figure>\n\t\t\t\t\t\t\t<\/div>\n\t\t\t\t<\/div>\n\t\t\t\t<\/div>\n\t\t<div class=\"elementor-element elementor-element-64a5dc2 e-con-full e-flex e-con e-child\" data-id=\"64a5dc2\" data-element_type=\"container\">\n\t\t\t\t<div class=\"elementor-element elementor-element-c491e13 elementor-widget elementor-widget-heading\" data-id=\"c491e13\" data-element_type=\"widget\" data-widget_type=\"heading.default\">\n\t\t\t\t<div class=\"elementor-widget-container\">\n\t\t\t<h2 class=\"elementor-heading-title elementor-size-default\">Weinverkostung<\/h2>\t\t<\/div>\n\t\t\t\t<\/div>\n\t\t\t\t<div class=\"elementor-element elementor-element-77fde5c elementor-widget elementor-widget-text-editor\" data-id=\"77fde5c\" data-element_type=\"widget\" data-widget_type=\"text-editor.default\">\n\t\t\t\t<div class=\"elementor-widget-container\">\n\t\t\t\t\t\t\t<p>Ein gem\u00fctlicher Abend mit Freunden oder Kollegen bei einem Glas Wein ist ein unvergessliches Erlebnis. Wir gestalten diesen Abend mit Informationen \u00fcber den Weinanbau, bestimmte Anbaugebiete oder die verschiedensten Rebsorten. Bei einem Aperitif erz\u00e4hlt Ihnen Frau Herrmann ein wenig \u00fcber die Geschichte des Hauses und im Anschluss stellen wir Ihnen 3 ausgew\u00e4hlte Weine vor und sorgen f\u00fcr die passenden H\u00e4ppchen, von ausgesuchten Schinken und Salamispezialit\u00e4ten von einem Biobauern aus \u00d6sterreich \u00fcber verschiedenen K\u00e4sespezialit\u00e4ten, reichlich Brot mit Oliven\u00f6l bis hin zu einer Obstplatte. So sollte niemand uns hungrig verlassen. Es geht uns um Genuss, Geschmack und Gespr\u00e4che. Planen Sie zwei bis drei Stunden ein. <span style=\"color: #000000;\">Rechtzeitig<\/span> anmelden ist erforderlich.<\/p>\t\t\t\t\t\t<\/div>\n\t\t\t\t<\/div>\n\t\t\t\t<\/div>\n\t\t\t\t\t<\/div>\n\t\t\t\t<\/div>\n\t\t<div class=\"elementor-element elementor-element-4c34aef elementor-hidden-desktop elementor-hidden-tablet elementor-hidden-mobile e-flex e-con-boxed e-con e-parent\" data-id=\"4c34aef\" data-element_type=\"container\">\n\t\t\t\t\t<div class=\"e-con-inner\">\n\t\t<div class=\"elementor-element elementor-element-9434097 e-con-full e-flex e-con e-child\" data-id=\"9434097\" data-element_type=\"container\">\n\t\t\t\t<div class=\"elementor-element elementor-element-0a3ffec elementor-widget elementor-widget-heading\" data-id=\"0a3ffec\" data-element_type=\"widget\" data-widget_type=\"heading.default\">\n\t\t\t\t<div class=\"elementor-widget-container\">\n\t\t\t<h2 class=\"elementor-heading-title elementor-size-default\">Weinverkostung<\/h2>\t\t<\/div>\n\t\t\t\t<\/div>\n\t\t\t\t<div class=\"elementor-element elementor-element-ba15aa4 elementor-widget elementor-widget-text-editor\" data-id=\"ba15aa4\" data-element_type=\"widget\" data-widget_type=\"text-editor.default\">\n\t\t\t\t<div class=\"elementor-widget-container\">\n\t\t\t\t\t\t\t<p>Ein gem\u00fctlicher Abend mit Freunden oder Kollegen bei einem Glas Wein ist ein unvergessliches Erlebnis. Wir gestalten diesen Abend\u00a0mit Informationen \u00fcber den Weinanbau, bestimmte Anbaugebiete oder die verschiedensten\u00a0Rebsorten. Bei einem Aperitif erz\u00e4hlt Ihnen Frau Herrmann ein wenig \u00fcber die Geschichte des Hauses und im Anschluss\u00a0stellen wir Ihnen\u00a03 ausgew\u00e4hlte Weine vor\u00a0und sorgen f\u00fcr\u00a0die passenden H\u00e4ppchen, von ausgesuchten Schinken und Salamispezialit\u00e4ten von einem Biobauern aus \u00d6sterreich \u00fcber verschiedenen K\u00e4sespezialit\u00e4ten, reichlich Brot mit Oliven\u00f6l bis hin zu einer Obstplatte. So sollte niemand uns hungrig verlassen. Es geht uns um Genuss, Geschmack und Gespr\u00e4che. Planen Sie zwei bis drei Stunden und 55,00 Euro pro Person ein. <span style=\"color: #000000;\">Rechtzeitig<\/span> anmelden ist erforderlich.<\/p><p>Die Termine f\u00fcr 2026 werden bald bekanntgegeben.<\/p>\t\t\t\t\t\t<\/div>\n\t\t\t\t<\/div>\n\t\t\t\t<\/div>\n\t\t<div class=\"elementor-element elementor-element-a2b4ee5 e-con-full e-flex e-con e-child\" data-id=\"a2b4ee5\" data-element_type=\"container\">\n\t\t\t\t<div class=\"elementor-element elementor-element-fe6d5d5 elementor-widget elementor-widget-image\" data-id=\"fe6d5d5\" data-element_type=\"widget\" data-widget_type=\"image.default\">\n\t\t\t\t<div class=\"elementor-widget-container\">\n\t\t\t\t\t\t\t\t\t\t<figure class=\"wp-caption\">\n\t\t\t\t\t\t\t\t\t\t<img loading=\"lazy\" decoding=\"async\" width=\"800\" height=\"534\" src=\"https:\/\/www.zursonne-halberstadt.de\/wp-content\/uploads\/2024\/08\/Zur-Sonne_JAB6492-1024x683.jpg\" class=\"attachment-large size-large wp-image-67\" alt=\"\" srcset=\"https:\/\/www.zursonne-halberstadt.de\/wp-content\/uploads\/2024\/08\/Zur-Sonne_JAB6492-1024x683.jpg 1024w, https:\/\/www.zursonne-halberstadt.de\/wp-content\/uploads\/2024\/08\/Zur-Sonne_JAB6492-300x200.jpg 300w, https:\/\/www.zursonne-halberstadt.de\/wp-content\/uploads\/2024\/08\/Zur-Sonne_JAB6492-768x512.jpg 768w, https:\/\/www.zursonne-halberstadt.de\/wp-content\/uploads\/2024\/08\/Zur-Sonne_JAB6492-1536x1024.jpg 1536w, https:\/\/www.zursonne-halberstadt.de\/wp-content\/uploads\/2024\/08\/Zur-Sonne_JAB6492-2048x1365.jpg 2048w\" sizes=\"(max-width: 800px) 100vw, 800px\" \/>\t\t\t\t\t\t\t\t\t\t\t<figcaption class=\"widget-image-caption wp-caption-text\">Das historische Gew\u00f6lbe aus dem Jahr 1640 bietet Platz f\u00fcr mindestens zehn Personen.<\/figcaption>\n\t\t\t\t\t\t\t\t\t\t<\/figure>\n\t\t\t\t\t\t\t<\/div>\n\t\t\t\t<\/div>\n\t\t\t\t<\/div>\n\t\t\t\t\t<\/div>\n\t\t\t\t<\/div>\n\t\t<div class=\"elementor-element elementor-element-1723978b e-flex e-con-boxed e-con e-parent\" data-id=\"1723978b\" data-element_type=\"container\" data-settings=\"{&quot;background_background&quot;:&quot;classic&quot;}\">\n\t\t\t\t\t<div class=\"e-con-inner\">\n\t\t<div class=\"elementor-element elementor-element-e367770 e-con-full e-flex e-con e-child\" data-id=\"e367770\" data-element_type=\"container\">\n\t\t\t\t<div class=\"elementor-element elementor-element-30e97a69 elementor-widget elementor-widget-theme-site-logo elementor-widget-image\" data-id=\"30e97a69\" data-element_type=\"widget\" data-widget_type=\"theme-site-logo.default\">\n\t\t\t\t<div class=\"elementor-widget-container\">\n\t\t\t\t\t\t\t\t\t<a href=\"https:\/\/www.zursonne-halberstadt.de\">\n\t\t\t<img fetchpriority=\"high\" decoding=\"async\" width=\"529\" height=\"419\" src=\"https:\/\/www.zursonne-halberstadt.de\/wp-content\/uploads\/2024\/08\/Logo-sonne-komplett-farbig.png\" class=\"attachment-full size-full wp-image-61\" alt=\"\" srcset=\"https:\/\/www.zursonne-halberstadt.de\/wp-content\/uploads\/2024\/08\/Logo-sonne-komplett-farbig.png 529w, https:\/\/www.zursonne-halberstadt.de\/wp-content\/uploads\/2024\/08\/Logo-sonne-komplett-farbig-300x238.png 300w\" sizes=\"(max-width: 529px) 100vw, 529px\" \/>\t\t\t\t<\/a>\n\t\t\t\t\t\t\t\t\t<\/div>\n\t\t\t\t<\/div>\n\t\t\t\t<\/div>\n\t\t<div class=\"elementor-element elementor-element-10aa7e0c e-con-full e-flex e-con e-child\" data-id=\"10aa7e0c\" data-element_type=\"container\">\n\t\t\t\t<div class=\"elementor-element elementor-element-3473ec0f elementor-widget elementor-widget-heading\" data-id=\"3473ec0f\" data-element_type=\"widget\" data-widget_type=\"heading.default\">\n\t\t\t\t<div class=\"elementor-widget-container\">\n\t\t\t<h2 class=\"elementor-heading-title elementor-size-default\">Kontakt<\/h2>\t\t<\/div>\n\t\t\t\t<\/div>\n\t\t\t\t<div class=\"elementor-element elementor-element-6f7b86dc elementor-widget elementor-widget-text-editor\" data-id=\"6f7b86dc\" data-element_type=\"widget\" data-widget_type=\"text-editor.default\">\n\t\t\t\t<div class=\"elementor-widget-container\">\n\t\t\t\t\t\t\t<p>ZUR SONNE \u2013\u00a0Weingalerie<br \/>Gr\u00f6perstra\u00dfe 54-55<br \/>38820 Halberstadt<br \/>03941 6216400<br \/>kontakt@zursonne-halberstadt.de<\/p>\t\t\t\t\t\t<\/div>\n\t\t\t\t<\/div>\n\t\t\t\t<\/div>\n\t\t<div class=\"elementor-element elementor-element-6f3a65c8 e-con-full e-flex e-con e-child\" data-id=\"6f3a65c8\" data-element_type=\"container\">\n\t\t\t\t<div class=\"elementor-element elementor-element-18400a11 elementor-widget elementor-widget-heading\" data-id=\"18400a11\" data-element_type=\"widget\" data-widget_type=\"heading.default\">\n\t\t\t\t<div class=\"elementor-widget-container\">\n\t\t\t<h2 class=\"elementor-heading-title elementor-size-default\">\u00d6ffnungszeiten<\/h2>\t\t<\/div>\n\t\t\t\t<\/div>\n\t\t\t\t<div class=\"elementor-element elementor-element-20fabec9 elementor-widget elementor-widget-text-editor\" data-id=\"20fabec9\" data-element_type=\"widget\" data-widget_type=\"text-editor.default\">\n\t\t\t\t<div class=\"elementor-widget-container\">\n\t\t\t\t\t\t\t<p>Montag bis Freitag<br \/>10.00 Uhr bis 18.00 Uhr<br \/><br \/>Samstag<br \/>10.00 Uhr bis 13.00 Uhr<\/p>\t\t\t\t\t\t<\/div>\n\t\t\t\t<\/div>\n\t\t\t\t<\/div>\n\t\t<div class=\"elementor-element elementor-element-51fa5486 e-con-full e-flex e-con e-child\" data-id=\"51fa5486\" data-element_type=\"container\">\n\t\t\t\t<div class=\"elementor-element elementor-element-38f868ee elementor-widget elementor-widget-text-editor\" data-id=\"38f868ee\" data-element_type=\"widget\" data-widget_type=\"text-editor.default\">\n\t\t\t\t<div class=\"elementor-widget-container\">\n\t\t\t\t\t\t\t<p><a href=\"https:\/\/dev.zursonne-halberstadt.de\/?page_id=81\">Impressum<\/a>\u00a0 |\u00a0 <a href=\"https:\/\/dev.zursonne-halberstadt.de\/?page_id=79\">Datenschutz<\/a><\/p>\t\t\t\t\t\t<\/div>\n\t\t\t\t<\/div>\n\t\t\t\t<div class=\"elementor-element elementor-element-6b619236 elementor-widget elementor-widget-spacer\" data-id=\"6b619236\" data-element_type=\"widget\" data-widget_type=\"spacer.default\">\n\t\t\t\t<div class=\"elementor-widget-container\">\n\t\t\t\t\t<div class=\"elementor-spacer\">\n\t\t\t<div class=\"elementor-spacer-inner\"><\/div>\n\t\t<\/div>\n\t\t\t\t<\/div>\n\t\t\t\t<\/div>\n\t\t\t\t<\/div>\n\t\t\t\t\t<\/div>\n\t\t\t\t<\/div>\n\t\t\t\t<\/div>\n\t\t","protected":false},"excerpt":{"rendered":"<p>Unsere Events Auch in diesem Jahr finden bei uns in der Weingalerie verschiedene Events statt. Wenn Ihr Interesse geweckt wurde und Sie eine Veranstaltung besuchen m\u00f6chten, bitten wir um eine telefonische Anmeldung oder Sie kommen pers\u00f6nlich bei uns vorbei. Bitte bezahlen Sie bei Kartenabholung in bar. Halberst\u00e4dter Autorin Kathrin R. Hotowetz Lesung \u201eIm Schatten der [&hellip;]<\/p>\n","protected":false},"author":1,"featured_media":0,"parent":0,"menu_order":0,"comment_status":"closed","ping_status":"closed","template":"elementor_canvas","meta":{"footnotes":""},"class_list":["post-75","page","type-page","status-publish","hentry"],"_links":{"self":[{"href":"https:\/\/www.zursonne-halberstadt.de\/index.php?rest_route=\/wp\/v2\/pages\/75","targetHints":{"allow":["GET"]}}],"collection":[{"href":"https:\/\/www.zursonne-halberstadt.de\/index.php?rest_route=\/wp\/v2\/pages"}],"about":[{"href":"https:\/\/www.zursonne-halberstadt.de\/index.php?rest_route=\/wp\/v2\/types\/page"}],"author":[{"embeddable":true,"href":"https:\/\/www.zursonne-halberstadt.de\/index.php?rest_route=\/wp\/v2\/users\/1"}],"replies":[{"embeddable":true,"href":"https:\/\/www.zursonne-halberstadt.de\/index.php?rest_route=%2Fwp%2Fv2%2Fcomments&post=75"}],"version-history":[{"count":85,"href":"https:\/\/www.zursonne-halberstadt.de\/index.php?rest_route=\/wp\/v2\/pages\/75\/revisions"}],"predecessor-version":[{"id":661,"href":"https:\/\/www.zursonne-halberstadt.de\/index.php?rest_route=\/wp\/v2\/pages\/75\/revisions\/661"}],"wp:attachment":[{"href":"https:\/\/www.zursonne-halberstadt.de\/index.php?rest_route=%2Fwp%2Fv2%2Fmedia&parent=75"}],"curies":[{"name":"wp","href":"https:\/\/api.w.org\/{rel}","templated":true}]}}